{"id":16,"date":"2015-07-06T15:05:32","date_gmt":"2015-07-06T15:05:32","guid":{"rendered":"http:\/\/www.peporiol.com\/?page_id=16"},"modified":"2022-08-30T15:05:52","modified_gmt":"2022-08-30T13:05:52","slug":"teatre","status":"publish","type":"page","link":"http:\/\/www.peporiol.com\/?page_id=16","title":{"rendered":"TEATRE"},"content":{"rendered":"<p><strong>DES DE DIVERSOS PUNTS DE VISTA<\/strong><\/p>\n<p class=\"paragraph_style\">De tant en tant m\u2019agrada embarcar-me en una obra de teatre i canviar completament l\u2019entorn tecnol\u00f2gic del v\u00eddeo per el de l\u2019expressi\u00f3 en viu i sense tecnologia, si pot ser&#8230;<\/p>\n<p class=\"paragraph_style\">El meu primer contacte amb el teatre va ser el 1973, amb el meu pare, que era responsable de l\u2019equip d\u2019il\u00b7luminaci\u00f3 del&nbsp;<a title=\"http:\/\/www.1minut.info\/lapassiodecervera.com\/\" href=\"http:\/\/www.1minut.info\/lapassiodecervera.com\/\" target=\"_blank\" rel=\"noopener\">Gran Teatre de la Passi\u00f3 de Cervera<\/a>. L\u2019equipament d\u2019aquest teatre sempre ha estat complex i l\u2019experi\u00e8ncia, a m\u00e9s de gratificant, convida&nbsp;a assolir altres fites en el mon de l\u2019escena i en l\u2019\u00e0mbit escenogr\u00e0fic.<\/p>\n<p class=\"paragraph_style\">La Matraca, un grup d\u2019animaci\u00f3 al que vaig pert\u00e0nyer em va iniciar en&nbsp;el contacte amb el foc i la pirot\u00e8cnia aix\u00ed com el moviment teatral al carrer, amb els primers&nbsp;<a href=\"http:\/\/www.peporiol.com\/?p=1061\">Aquelarres de Cervera<\/a><\/p>\n<p class=\"paragraph_style\">Ocasionalment he adaptat obres d\u2019altres autors com Woody Allen per a \u201cLa llargada suficient per tocar a terra\u201d; de Giovanni Pappini per \u201cLa Rep\u00fablica de Gog\u201d, o de Bram Stocker per \u201cNosferatu\u201d. Tamb\u00e9 he escrit els guions de \u201cUniv\u00e8rsio\u201d, amb Blanca Cu\u00f1\u00e9, i els&nbsp;<a title=\"http:\/\/www.aquelarre.cat\/\" href=\"http:\/\/www.aquelarre.cat\/\" target=\"_blank\" rel=\"noopener\">Aquelarres de Cervera<\/a>1997, 98 i 99.Posteriorment he adaptat &nbsp;&#8220;El Comendador de Oca\u00f1a&#8221; i el &#8220;Cantar del Mio CId&#8221; i algun que altre que trobareu entre aquestes p\u00e0gines&#8230;<\/p>\n<p class=\"paragraph_style\">Els anys dedicats a la producci\u00f3 de doblatges per televisi\u00f3 em van educar en la percepci\u00f3&nbsp;de l\u2019entonaci\u00f3 i el sentit de la paraula. Posteriorment vaig comen\u00e7ar a fer caixa italiana amb una companyia amateur que, uns anys despr\u00e9s es professionalitzaria com <a href=\"http:\/\/aleateatrecervera.wix.com\/aleateatre\" target=\"_blank\" rel=\"noopener\">Alea Teatre<\/a>.<\/p>\n<p class=\"paragraph_style\">He tingut tamb\u00e9 la oportunitat de fer una \u00f2pera tango de Piazzolla i dues operetes.<\/p>\n<p class=\"paragraph_style\">Darrerament treballo amb La Famiglia, i amb ells ja hi ha un bon gruix de producci\u00f3 feta, tant en teatre com en v\u00eddeo, especialment en col\u00b7laboraci\u00f3 amb l\u2019Alba Cu\u00f1\u00e9. LA FAMIGLIA&nbsp; organitza tamb\u00e9 la&nbsp;<a title=\"http:\/\/teatreviu.blogspot.com.es\" href=\"http:\/\/www.peporiol.com\/?p=1092\" target=\"_blank\" rel=\"noopener\">NIT DEL TEATRE VIU<\/a>&nbsp;a Cervera, una trobada teatral amb tots els aficionats que s\u2019hi apuntin.<\/p>\n","protected":false},"excerpt":{"rendered":"<p>DES DE DIVERSOS PUNTS DE VISTA De tant en tant m\u2019agrada embarcar-me en una obra de teatre i canviar completament l\u2019entorn tecnol\u00f2gic del v\u00eddeo per el de l\u2019expressi\u00f3 en viu i sense tecnologia, si pot ser&#8230; El meu primer contacte amb el teatre va ser el 1973, amb el meu [&hellip;]<\/p>\n","protected":false},"author":2,"featured_media":8,"parent":0,"menu_order":4,"comment_status":"closed","ping_status":"closed","template":"","meta":[],"_links":{"self":[{"href":"http:\/\/www.peporiol.com\/index.php?rest_route=\/wp\/v2\/pages\/16"}],"collection":[{"href":"http:\/\/www.peporiol.com\/index.php?rest_route=\/wp\/v2\/pages"}],"about":[{"href":"http:\/\/www.peporiol.com\/index.php?rest_route=\/wp\/v2\/types\/page"}],"author":[{"embeddable":true,"href":"http:\/\/www.peporiol.com\/index.php?rest_route=\/wp\/v2\/users\/2"}],"replies":[{"embeddable":true,"href":"http:\/\/www.peporiol.com\/index.php?rest_route=%2Fwp%2Fv2%2Fcomments&post=16"}],"version-history":[{"count":19,"href":"http:\/\/www.peporiol.com\/index.php?rest_route=\/wp\/v2\/pages\/16\/revisions"}],"predecessor-version":[{"id":1806,"href":"http:\/\/www.peporiol.com\/index.php?rest_route=\/wp\/v2\/pages\/16\/revisions\/1806"}],"wp:featuredmedia":[{"embeddable":true,"href":"http:\/\/www.peporiol.com\/index.php?rest_route=\/wp\/v2\/media\/8"}],"wp:attachment":[{"href":"http:\/\/www.peporiol.com\/index.php?rest_route=%2Fwp%2Fv2%2Fmedia&parent=16"}],"curies":[{"name":"wp","href":"https:\/\/api.w.org\/{rel}","templated":true}]}}