{"id":2,"date":"2014-04-16T19:49:56","date_gmt":"2014-04-16T17:49:56","guid":{"rendered":"http:\/\/www.peporiol.com\/wordpress\/?page_id=2"},"modified":"2023-09-21T17:08:22","modified_gmt":"2023-09-21T15:08:22","slug":"pagina-ejemplo","status":"publish","type":"page","link":"http:\/\/www.peporiol.com\/?page_id=2","title":{"rendered":"INICI"},"content":{"rendered":"<p class=\"paragraph_style\"><strong>CERCANT LA FEINA REFLEXIVA<\/strong><\/p>\n<p class=\"paragraph_style\">Sempre m\u2019ha interessat especialment l\u2019\u00e0mbit de l\u2019expressi\u00f3 dram\u00e0tica, les infinites maneres d\u2019explicar una hist\u00f2ria o fins i tot un proc\u00e9s. Descobrir en cada un dels diferents aspectes de la realitzaci\u00f3, de la posada en escena, les possibilitats narratives que s\u2019hi amaguen. Aix\u00f2 m\u2019ha portat a ser receptiu amb aquells aspectes que em resulten m\u00e9s desconeguts per\u00f2 que es posen al meu abast de vegades de forma totalment casual. Aix\u00ed \u00e9s com es produeix la meva entrada en el teatre, des de jove, i de la m\u00e0 del meu pare, a la Passi\u00f3 de Cervera.<\/p>\n<p class=\"paragraph_style\">Una vegada acabats els meus estudis, l\u2019entrada al mon professional es produeix en una petita productora d\u2019audiovisuals, all\u00e0 vaig fer de guionista, d\u2019operador de c\u00e0mera, muntador&#8230; (ja se sap, una empresa petita). I les empreses creixen i l\u2019exig\u00e8ncia professional tamb\u00e9, i de sobte em trobo fent producci\u00f3 de doblatges per v\u00eddeo i televisi\u00f3, enregistrant m\u00fasica, bandes d\u2019efectes especials&#8230; En fi, l&#8217;activitat industrial que em va convertir en empresari sense voler-ho. Un temps despr\u00e9s aquesta activitat ja no m\u2019aportava res de nou i apareix la possibilitat de canviar d\u2019aires i cercar qualitat de vida a Lleida, entro de professor a l\u2019IES La Caparrela i en contacte amb el mon de la doc\u00e8ncia. A trav\u00e9s de l\u2019institut em relaciono amb el grup SEGRE i entro a formar part de l\u2019equip que posa en marxa el projecte de LLEIDA TV, al mateix temps, i des de llavors, s\u00f3c professor de Comunicaci\u00f3 Audiovisual de la Universitat de Lleida i assessor t\u00e8cnic al complex MAGICAL.<\/p>\n<p class=\"paragraph_style\">Un cop un&nbsp;projecte s\u2019estabilitza, torno a la meva activitat independent, oferint la meva experi\u00e8ncia a aquells projectes que, com diu el t\u00edtol, tenen una component reflexiva.<\/p>\n","protected":false},"excerpt":{"rendered":"<p>CERCANT LA FEINA REFLEXIVA Sempre m\u2019ha interessat especialment l\u2019\u00e0mbit de l\u2019expressi\u00f3 dram\u00e0tica, les infinites maneres d\u2019explicar una hist\u00f2ria o fins i tot un proc\u00e9s. Descobrir en cada un dels diferents aspectes de la realitzaci\u00f3, de la posada en escena, les possibilitats narratives que s\u2019hi amaguen. Aix\u00f2 m\u2019ha portat a ser [&hellip;]<\/p>\n","protected":false},"author":2,"featured_media":703,"parent":0,"menu_order":0,"comment_status":"closed","ping_status":"closed","template":"","meta":[],"_links":{"self":[{"href":"http:\/\/www.peporiol.com\/index.php?rest_route=\/wp\/v2\/pages\/2"}],"collection":[{"href":"http:\/\/www.peporiol.com\/index.php?rest_route=\/wp\/v2\/pages"}],"about":[{"href":"http:\/\/www.peporiol.com\/index.php?rest_route=\/wp\/v2\/types\/page"}],"author":[{"embeddable":true,"href":"http:\/\/www.peporiol.com\/index.php?rest_route=\/wp\/v2\/users\/2"}],"replies":[{"embeddable":true,"href":"http:\/\/www.peporiol.com\/index.php?rest_route=%2Fwp%2Fv2%2Fcomments&post=2"}],"version-history":[{"count":10,"href":"http:\/\/www.peporiol.com\/index.php?rest_route=\/wp\/v2\/pages\/2\/revisions"}],"predecessor-version":[{"id":1866,"href":"http:\/\/www.peporiol.com\/index.php?rest_route=\/wp\/v2\/pages\/2\/revisions\/1866"}],"wp:featuredmedia":[{"embeddable":true,"href":"http:\/\/www.peporiol.com\/index.php?rest_route=\/wp\/v2\/media\/703"}],"wp:attachment":[{"href":"http:\/\/www.peporiol.com\/index.php?rest_route=%2Fwp%2Fv2%2Fmedia&parent=2"}],"curies":[{"name":"wp","href":"https:\/\/api.w.org\/{rel}","templated":true}]}}